{"id":7188,"date":"2020-01-03T17:58:34","date_gmt":"2020-01-03T17:58:34","guid":{"rendered":"https:\/\/mariblum.de\/produkt\/custom-fascia-porta-bebe\/"},"modified":"2023-07-21T05:18:44","modified_gmt":"2023-07-21T05:18:44","slug":"custom-fascia-porta-bebe","status":"publish","type":"product","link":"https:\/\/mariblum.de\/it\/produkt\/custom-fascia-porta-bebe\/","title":{"rendered":"Custom Imbragatura"},"content":{"rendered":"<h3>Imbragatura personalizzata &#8211; Un&#8217;imbragatura fatta su misura per voi<\/h3>\n<p style=\"text-align: justify;\">La vostra imbragatura personalizzata, secondo i vostri desideri e le vostre idee. Ci \u00e8 stato chiesto pi\u00f9 volte se fosse possibile realizzare un&#8217;imbragatura personalizzata &#8211; e s\u00ec, lo stiamo facendo di nuovo per voi. Basta scegliere la lunghezza e il design della vostra imbragatura personalizzata e noi faremo il resto. Se avete un&#8217;ulteriore richiesta speciale, per quanto insolita, fatecelo sapere. Lavoreremo con voi per creare il design della vostra imbragatura personalizzata. Potete trovare ispirazione, ad esempio, sulla nostra pagina Facebook. Qui pubblichiamo regolarmente le nostre imbragature tinte.<\/p>\n<div class=\"row\"  id=\"row-1480826038\">\n\n\t<div id=\"col-1077466487\" class=\"col medium-6 small-12 large-6\"  >\n\t\t\t\t<div class=\"col-inner\"  >\n\t\t\t\n\t\t\t\n<p class=\"text-center\"><mark>Block <strong>\"ueber-hanf-tragetuch-it\"<\/strong> not found<\/mark><\/p>\n\t\t<\/div>\n\t\t\t\t\t<\/div>\n\n\t\n\n\t<div id=\"col-641424493\" class=\"col medium-6 small-12 large-6\"  >\n\t\t\t\t<div class=\"col-inner\"  >\n\t\t\t\n\t\t\t\n\n  <div class=\"banner has-hover\" id=\"banner-422244900\">\n          <div class=\"banner-inner fill\">\n        <div class=\"banner-bg fill\" >\n            <img loading=\"lazy\" decoding=\"async\" width=\"600\" height=\"800\" src=\"https:\/\/mariblum.de\/wp-content\/uploads\/2019\/12\/Universe-RingSling-e1576128769704.jpg\" class=\"bg attachment-large size-large\" alt=\"\" \/>                                    \n                    <\/div>\n\t\t\n        <div class=\"banner-layers container\">\n            <div class=\"fill banner-link\"><\/div>            \n   <div id=\"text-box-148564952\" class=\"text-box banner-layer x50 md-x50 lg-x50 y75 md-y75 lg-y75 res-text\">\n                                <div class=\"text-box-content text dark\">\n              \n              <div class=\"text-inner text-center\">\n                  \n<h2 class=\"uppercase\">Imbragature in canapa<\/p>\n<h2>\n<h3 class=\"thin-font\">Perch\u00e9 sono giuste per voi e per il vostro bambino<\/h3>\n<a href=\"https:\/\/mariblum.de\/fr\/les-echarpes-de-portage-en-chanvre-pourquoi-elles-sont-le-choix-ideal\/\" class=\"button primary is-shade is-larger box-shadow-4 box-shadow-5-hover\" style=\"border-radius:10px;\">\n\t\t<span>piu<\/span>\n\t<\/a>\n\n              <\/div>\n           <\/div>\n                            \n<style>\n#text-box-148564952 {\n  width: 89%;\n}\n#text-box-148564952 .text-box-content {\n  font-size: 100%;\n}\n@media (min-width:550px) {\n  #text-box-148564952 {\n    width: 75%;\n  }\n}\n@media (min-width:850px) {\n  #text-box-148564952 {\n    width: 60%;\n  }\n}\n<\/style>\n    <\/div>\n \n        <\/div>\n      <\/div>\n\n            \n<style>\n#banner-422244900 {\n  padding-top: 500px;\n}\n#banner-422244900 .banner-bg img {\n  object-position: 47% 42%;\n}\n<\/style>\n  <\/div>\n\n\n\t\t<\/div>\n\t\t\t\t\t<\/div>\n\n\t\n<\/div>\n<p class=\"text-center\"><mark>Block <strong>\"hinweise-hanf-tragetuch-it\"<\/strong> not found<\/mark><\/p>\n<h5>Istruzioni per la cura:<\/h5>\r\n<div>\r\n<p style=\"text-align: justify;\">I tessuti in canapa adorano l\u2019acqua e non vogliono il caldo secco. Gli fai quindi un favore, se di tanto in tanto metti il tuo fascia porta beb\u00e8 in canapa in acqua limpida. Dopo puoi stirarlo quando \u00e8 ancora leggermente umido. I tessili in canapa non apprezzano il caldo secco \u2013 non metterli nell\u2019asciugatrice.<\/p>\r\n<\/div>\r\n<div><\/div>\r\n<div><\/div>\r\n<div><center><img loading=\"lazy\" decoding=\"async\" class=\"alignnone size-medium wp-image-4292\" src=\"https:\/\/mariblum.de\/wp-content\/uploads\/2019\/11\/pflegehinweise-hanf-300x66.png\" alt=\"pflegehinweise f\u00fcr tragetuch aus hanf\" width=\"300\" height=\"66\" srcset=\"https:\/\/mariblum.de\/wp-content\/uploads\/2019\/11\/pflegehinweise-hanf-300x66.png 300w, https:\/\/mariblum.de\/wp-content\/uploads\/2019\/11\/pflegehinweise-hanf-510x111.png 510w, https:\/\/mariblum.de\/wp-content\/uploads\/2019\/11\/pflegehinweise-hanf.png 549w\" sizes=\"auto, (max-width: 300px) 100vw, 300px\" \/><\/center><\/div>\r\n\n","protected":false},"excerpt":{"rendered":"<p align=\"justify\">Desiderate adattare uno dei nostri disegni? Magari un po&#8217; pi\u00f9 di un colore e un po&#8217; meno di un altro? O semplicemente vi serve una lunghezza diversa che non abbiamo in magazzino? Fatecelo sapere.<\/p>\n<ul>\n<li><em>100% canapa<\/em> (coltivata in modo biologico ed equo all&#8217;interno dell&#8217;UE), delicata per la pelle di voi e del vostro bambino.<\/li>\n<li>colore derivato dalle piante &#8211; <em>senza sostanze chimiche industriali<\/em> per la pelle sensibile del bambino<\/li>\n<li>puro prodotto <em>vegano<\/em> senza sofferenze animali<\/li>\n<li>leggero e confortevole per tutto il tempo in cui viene indossato, con <em>un peso base di soli 190g\/m\u00b2<\/em><\/li>\n<li><em>72 cm di larghezza<\/em> con estremit\u00e0 diritte<\/li>\n<\/ul>\n","protected":false},"featured_media":7117,"template":"","meta":[],"product_brand":[],"product_cat":[1444,2426],"product_tag":[906,857],"class_list":{"0":"post-7188","1":"product","2":"type-product","3":"status-publish","4":"has-post-thumbnail","6":"product_cat-fascia-porta-bebe-in-canapa-imbragature","7":"product_cat-tessuti-di-canapa","8":"product_tag-custom-it","9":"product_tag-fascia-porta-bebe","11":"first","12":"instock","13":"featured","14":"shipping-taxable","15":"purchasable","16":"product-type-variable"},"yoast_head":"<!-- This site is optimized with the Yoast SEO Premium plugin v23.3 (Yoast SEO v27.2) - https:\/\/yoast.com\/product\/yoast-seo-premium-wordpress\/ -->\n<title>Custom fascia porta beb\u00e8 in canapa | mariblum - Fascia Porta Bebe<\/title>\n<meta name=\"description\" content=\"La tua fascia secondo i tuoi desideri, come te la immagini. Abbiamo avuto pi\u00f9 richieste, per sapere se potevamo produrre una fascia secondo le specifiche del cliente \u2013 e si, ora lo facciamo di nuovo per te.\" \/>\n<meta name=\"robots\" content=\"index, follow, max-snippet:-1, max-image-preview:large, max-video-preview:-1\" \/>\n<link rel=\"canonical\" href=\"https:\/\/mariblum.de\/it\/produkt\/custom-fascia-porta-bebe\/\" \/>\n<meta property=\"og:locale\" content=\"it_IT\" \/>\n<meta property=\"og:type\" content=\"article\" \/>\n<meta property=\"og:title\" content=\"Custom Imbragatura\" \/>\n<meta property=\"og:description\" content=\"La tua fascia secondo i tuoi desideri, come te la immagini. Abbiamo avuto pi\u00f9 richieste, per sapere se potevamo produrre una fascia secondo le specifiche del cliente \u2013 e si, ora lo facciamo di nuovo per te.\" \/>\n<meta property=\"og:url\" content=\"https:\/\/mariblum.de\/it\/produkt\/custom-fascia-porta-bebe\/\" \/>\n<meta property=\"og:site_name\" content=\"mariblum - Fascia Porta Bebe\" \/>\n<meta property=\"article:modified_time\" content=\"2023-07-21T05:18:44+00:00\" \/>\n<meta property=\"og:image\" content=\"https:\/\/mariblum.de\/wp-content\/uploads\/2020\/07\/logo_m-500x_transparent.png\" \/>\n\t<meta property=\"og:image:width\" content=\"500\" \/>\n\t<meta property=\"og:image:height\" content=\"500\" \/>\n\t<meta property=\"og:image:type\" content=\"image\/png\" \/>\n<meta name=\"twitter:card\" content=\"summary_large_image\" \/>\n<meta name=\"twitter:label1\" content=\"Disponibilit\u00e0\" \/>\n\t<meta name=\"twitter:data1\" content=\"In stock\" \/>\n<script type=\"application\/ld+json\" class=\"yoast-schema-graph\">{\"@context\":\"https:\/\/schema.org\",\"@graph\":[{\"@type\":\"WebPage\",\"@id\":\"https:\/\/mariblum.de\/it\/produkt\/custom-fascia-porta-bebe\/\",\"url\":\"https:\/\/mariblum.de\/it\/produkt\/custom-fascia-porta-bebe\/\",\"name\":\"Custom fascia porta beb\u00e8 in canapa | mariblum - Fascia Porta Bebe\",\"isPartOf\":{\"@id\":\"https:\/\/mariblum.de\/it\/#website\"},\"primaryImageOfPage\":{\"@id\":\"https:\/\/mariblum.de\/it\/produkt\/custom-fascia-porta-bebe\/#primaryimage\"},\"image\":{\"@id\":\"https:\/\/mariblum.de\/it\/produkt\/custom-fascia-porta-bebe\/#primaryimage\"},\"thumbnailUrl\":\"https:\/\/mariblum.de\/wp-content\/uploads\/2020\/01\/shibori-mutter-und-kind.jpg\",\"datePublished\":\"2020-01-03T17:58:34+00:00\",\"dateModified\":\"2023-07-21T05:18:44+00:00\",\"description\":\"La tua fascia secondo i tuoi desideri, come te la immagini. Abbiamo avuto pi\u00f9 richieste, per sapere se potevamo produrre una fascia secondo le specifiche del cliente \u2013 e si, ora lo facciamo di nuovo per te.\",\"breadcrumb\":{\"@id\":\"https:\/\/mariblum.de\/it\/produkt\/custom-fascia-porta-bebe\/#breadcrumb\"},\"inLanguage\":\"it-IT\",\"potentialAction\":[{\"@type\":\"ReadAction\",\"target\":[\"https:\/\/mariblum.de\/it\/produkt\/custom-fascia-porta-bebe\/\"]}]},{\"@type\":\"ImageObject\",\"inLanguage\":\"it-IT\",\"@id\":\"https:\/\/mariblum.de\/it\/produkt\/custom-fascia-porta-bebe\/#primaryimage\",\"url\":\"https:\/\/mariblum.de\/wp-content\/uploads\/2020\/01\/shibori-mutter-und-kind.jpg\",\"contentUrl\":\"https:\/\/mariblum.de\/wp-content\/uploads\/2020\/01\/shibori-mutter-und-kind.jpg\",\"width\":521,\"height\":738,\"caption\":\"Custom babywearing sling\"},{\"@type\":\"BreadcrumbList\",\"@id\":\"https:\/\/mariblum.de\/it\/produkt\/custom-fascia-porta-bebe\/#breadcrumb\",\"itemListElement\":[{\"@type\":\"ListItem\",\"position\":1,\"name\":\"Startseite\",\"item\":\"https:\/\/mariblum.de\/it\/\"},{\"@type\":\"ListItem\",\"position\":2,\"name\":\"Shop\",\"item\":\"https:\/\/mariblum.de\/it\/shop\/\"},{\"@type\":\"ListItem\",\"position\":3,\"name\":\"Custom Imbragatura\"}]},{\"@type\":\"WebSite\",\"@id\":\"https:\/\/mariblum.de\/it\/#website\",\"url\":\"https:\/\/mariblum.de\/it\/\",\"name\":\"mariblum Traget\u00fccher\",\"description\":\"il modo naturale di portare il tuo bambino \",\"publisher\":{\"@id\":\"https:\/\/mariblum.de\/it\/#organization\"},\"potentialAction\":[{\"@type\":\"SearchAction\",\"target\":{\"@type\":\"EntryPoint\",\"urlTemplate\":\"https:\/\/mariblum.de\/it\/?s={search_term_string}\"},\"query-input\":{\"@type\":\"PropertyValueSpecification\",\"valueRequired\":true,\"valueName\":\"search_term_string\"}}],\"inLanguage\":\"it-IT\"},{\"@type\":\"Organization\",\"@id\":\"https:\/\/mariblum.de\/it\/#organization\",\"name\":\"mariblum\",\"url\":\"https:\/\/mariblum.de\/it\/\",\"logo\":{\"@type\":\"ImageObject\",\"inLanguage\":\"it-IT\",\"@id\":\"https:\/\/mariblum.de\/it\/#\/schema\/logo\/image\/\",\"url\":\"https:\/\/mariblum.de\/wp-content\/uploads\/2020\/07\/logo_m-500x_transparent.png\",\"contentUrl\":\"https:\/\/mariblum.de\/wp-content\/uploads\/2020\/07\/logo_m-500x_transparent.png\",\"width\":500,\"height\":500,\"caption\":\"mariblum\"},\"image\":{\"@id\":\"https:\/\/mariblum.de\/it\/#\/schema\/logo\/image\/\"},\"sameAs\":[\"https:\/\/www.instagram.com\/_mariblum_\/\"]}]}<\/script>\n<meta property=\"og:availability\" content=\"instock\" \/>\n<meta property=\"product:availability\" content=\"instock\" \/>\n<meta property=\"product:condition\" content=\"new\" \/>\n<!-- \/ Yoast SEO Premium plugin. -->","yoast_head_json":{"title":"Custom fascia porta beb\u00e8 in canapa | mariblum - Fascia Porta Bebe","description":"La tua fascia secondo i tuoi desideri, come te la immagini. Abbiamo avuto pi\u00f9 richieste, per sapere se potevamo produrre una fascia secondo le specifiche del cliente \u2013 e si, ora lo facciamo di nuovo per te.","robots":{"index":"index","follow":"follow","max-snippet":"max-snippet:-1","max-image-preview":"max-image-preview:large","max-video-preview":"max-video-preview:-1"},"canonical":"https:\/\/mariblum.de\/it\/produkt\/custom-fascia-porta-bebe\/","og_locale":"it_IT","og_type":"article","og_title":"Custom Imbragatura","og_description":"La tua fascia secondo i tuoi desideri, come te la immagini. Abbiamo avuto pi\u00f9 richieste, per sapere se potevamo produrre una fascia secondo le specifiche del cliente \u2013 e si, ora lo facciamo di nuovo per te.","og_url":"https:\/\/mariblum.de\/it\/produkt\/custom-fascia-porta-bebe\/","og_site_name":"mariblum - Fascia Porta Bebe","article_modified_time":"2023-07-21T05:18:44+00:00","og_image":[{"width":500,"height":500,"url":"https:\/\/mariblum.de\/wp-content\/uploads\/2020\/07\/logo_m-500x_transparent.png","type":"image\/png"}],"twitter_card":"summary_large_image","twitter_misc":{"Disponibilit\u00e0":"In stock"},"schema":{"@context":"https:\/\/schema.org","@graph":[{"@type":"WebPage","@id":"https:\/\/mariblum.de\/it\/produkt\/custom-fascia-porta-bebe\/","url":"https:\/\/mariblum.de\/it\/produkt\/custom-fascia-porta-bebe\/","name":"Custom fascia porta beb\u00e8 in canapa | mariblum - Fascia Porta Bebe","isPartOf":{"@id":"https:\/\/mariblum.de\/it\/#website"},"primaryImageOfPage":{"@id":"https:\/\/mariblum.de\/it\/produkt\/custom-fascia-porta-bebe\/#primaryimage"},"image":{"@id":"https:\/\/mariblum.de\/it\/produkt\/custom-fascia-porta-bebe\/#primaryimage"},"thumbnailUrl":"https:\/\/mariblum.de\/wp-content\/uploads\/2020\/01\/shibori-mutter-und-kind.jpg","datePublished":"2020-01-03T17:58:34+00:00","dateModified":"2023-07-21T05:18:44+00:00","description":"La tua fascia secondo i tuoi desideri, come te la immagini. Abbiamo avuto pi\u00f9 richieste, per sapere se potevamo produrre una fascia secondo le specifiche del cliente \u2013 e si, ora lo facciamo di nuovo per te.","breadcrumb":{"@id":"https:\/\/mariblum.de\/it\/produkt\/custom-fascia-porta-bebe\/#breadcrumb"},"inLanguage":"it-IT","potentialAction":[{"@type":"ReadAction","target":["https:\/\/mariblum.de\/it\/produkt\/custom-fascia-porta-bebe\/"]}]},{"@type":"ImageObject","inLanguage":"it-IT","@id":"https:\/\/mariblum.de\/it\/produkt\/custom-fascia-porta-bebe\/#primaryimage","url":"https:\/\/mariblum.de\/wp-content\/uploads\/2020\/01\/shibori-mutter-und-kind.jpg","contentUrl":"https:\/\/mariblum.de\/wp-content\/uploads\/2020\/01\/shibori-mutter-und-kind.jpg","width":521,"height":738,"caption":"Custom babywearing sling"},{"@type":"BreadcrumbList","@id":"https:\/\/mariblum.de\/it\/produkt\/custom-fascia-porta-bebe\/#breadcrumb","itemListElement":[{"@type":"ListItem","position":1,"name":"Startseite","item":"https:\/\/mariblum.de\/it\/"},{"@type":"ListItem","position":2,"name":"Shop","item":"https:\/\/mariblum.de\/it\/shop\/"},{"@type":"ListItem","position":3,"name":"Custom Imbragatura"}]},{"@type":"WebSite","@id":"https:\/\/mariblum.de\/it\/#website","url":"https:\/\/mariblum.de\/it\/","name":"mariblum Traget\u00fccher","description":"il modo naturale di portare il tuo bambino ","publisher":{"@id":"https:\/\/mariblum.de\/it\/#organization"},"potentialAction":[{"@type":"SearchAction","target":{"@type":"EntryPoint","urlTemplate":"https:\/\/mariblum.de\/it\/?s={search_term_string}"},"query-input":{"@type":"PropertyValueSpecification","valueRequired":true,"valueName":"search_term_string"}}],"inLanguage":"it-IT"},{"@type":"Organization","@id":"https:\/\/mariblum.de\/it\/#organization","name":"mariblum","url":"https:\/\/mariblum.de\/it\/","logo":{"@type":"ImageObject","inLanguage":"it-IT","@id":"https:\/\/mariblum.de\/it\/#\/schema\/logo\/image\/","url":"https:\/\/mariblum.de\/wp-content\/uploads\/2020\/07\/logo_m-500x_transparent.png","contentUrl":"https:\/\/mariblum.de\/wp-content\/uploads\/2020\/07\/logo_m-500x_transparent.png","width":500,"height":500,"caption":"mariblum"},"image":{"@id":"https:\/\/mariblum.de\/it\/#\/schema\/logo\/image\/"},"sameAs":["https:\/\/www.instagram.com\/_mariblum_\/"]}]},"og_availability":"instock","product_availability":"instock","product_condition":"new"},"_links":{"self":[{"href":"https:\/\/mariblum.de\/it\/wp-json\/wp\/v2\/product\/7188","targetHints":{"allow":["GET"]}}],"collection":[{"href":"https:\/\/mariblum.de\/it\/wp-json\/wp\/v2\/product"}],"about":[{"href":"https:\/\/mariblum.de\/it\/wp-json\/wp\/v2\/types\/product"}],"wp:featuredmedia":[{"embeddable":true,"href":"https:\/\/mariblum.de\/it\/wp-json\/wp\/v2\/media\/7117"}],"wp:attachment":[{"href":"https:\/\/mariblum.de\/it\/wp-json\/wp\/v2\/media?parent=7188"}],"wp:term":[{"taxonomy":"product_brand","embeddable":true,"href":"https:\/\/mariblum.de\/it\/wp-json\/wp\/v2\/product_brand?post=7188"},{"taxonomy":"product_cat","embeddable":true,"href":"https:\/\/mariblum.de\/it\/wp-json\/wp\/v2\/product_cat?post=7188"},{"taxonomy":"product_tag","embeddable":true,"href":"https:\/\/mariblum.de\/it\/wp-json\/wp\/v2\/product_tag?post=7188"}],"curies":[{"name":"wp","href":"https:\/\/api.w.org\/{rel}","templated":true}]}}