{"id":15066,"date":"2023-04-14T06:45:42","date_gmt":"2023-04-14T06:45:48","guid":{"rendered":"https:\/\/mariblum.de\/?post_type=product&#038;p=15066"},"modified":"2026-04-19T19:08:07","modified_gmt":"2026-04-19T19:08:07","slug":"champ-de-lavande-echarpe-en-lin","status":"publish","type":"product","link":"https:\/\/mariblum.de\/fr\/produkt\/champ-de-lavande-echarpe-en-lin\/","title":{"rendered":"Champ de Lavande (\u00c9charpe)"},"content":{"rendered":"<h3>Champ de Lavande &#8211; \u00c9charpe en lin<\/h3>\n<p style=\"text-align: justify;\">Notre magnifique \u00e9charpe de portage \u00ab\u00a0Champ de lavande\u00a0\u00bb est en lin 100% bio et ressemble \u00e0 sa grande s\u0153ur \u00ab\u00a0Pourpre\u00a0\u00bb tout en ne lui ressemblant pas. Les plantes roses et violettes ont \u00e9t\u00e9 r\u00e9parties diff\u00e9remment sur Champ de lavande, ce qui donne un d\u00e9grad\u00e9 de couleurs tr\u00e8s harmonieux.<\/p>\n\n  <div class=\"banner has-hover\" id=\"banner-92795867\">\n          <div class=\"banner-inner fill\">\n        <div class=\"banner-bg fill\" >\n            <img loading=\"lazy\" decoding=\"async\" width=\"533\" height=\"800\" src=\"https:\/\/mariblum.de\/wp-content\/uploads\/2021\/01\/lila-tragetuch-baby-schlafen.jpg\" class=\"bg attachment-medium_large size-medium_large\" alt=\"lila-tragetuch-baby-schlafen\" \/>                        <div class=\"overlay\"><\/div>            \n                    <\/div>\n\t\t\n        <div class=\"banner-layers container\">\n            <div class=\"fill banner-link\"><\/div>            \n   <div id=\"text-box-1430846870\" class=\"text-box banner-layer x50 md-x5 lg-x5 y95 md-y50 lg-y50 res-text\">\n                                <div class=\"text-box-content text box-shadow-3\">\n              \n              <div class=\"text-inner text-center\">\n                  \n<h2 class=\"uppercase\"><strong>POURPRE<\/strong><\/h2>\n<h3>\u00c9charpe de portage<\/h3>\n<p align=\"justify\">Le pourpre est une couleur que l\u2019on trouve rarement dans la nature. Elle attire donc facilement l\u2019attention visuelle.<\/p>\n<a href=\"https:\/\/mariblum.de\/fr\/produkt\/pourpre-echarpe\/\" class=\"button primary\" style=\"border-radius:25px;\">\n\t\t<span>voir l&#039;\u00e9charpe<\/span>\n\t<\/a>\n\n              <\/div>\n           <\/div>\n                            \n<style>\n#text-box-1430846870 .text-box-content {\n  background-color: rgb(255, 255, 255);\n  border-radius: 22px;\n  font-size: 49%;\n}\n#text-box-1430846870 .text-inner {\n  padding: 30px 30px 30px 30px;\n}\n#text-box-1430846870 {\n  width: 63%;\n}\n@media (min-width:550px) {\n  #text-box-1430846870 {\n    width: 36%;\n  }\n  #text-box-1430846870 .text-box-content {\n    font-size: 100%;\n  }\n}\n@media (min-width:850px) {\n  #text-box-1430846870 {\n    width: 27%;\n  }\n}\n<\/style>\n    <\/div>\n \n        <\/div>\n      <\/div>\n\n            \n<style>\n#banner-92795867 {\n  padding-top: 400px;\n  background-color: rgb(255, 255, 255);\n}\n#banner-92795867 .overlay {\n  background-color: rgba(190, 190, 190, 0.2);\n}\n#banner-92795867 .banner-bg img {\n  object-position: 11% 58%;\n}\n<\/style>\n  <\/div>\n\n\n\t<div id=\"gap-1588182258\" class=\"gap-element clearfix\" style=\"display:block; height:auto;\">\n\t\t\n<style>\n#gap-1588182258 {\n  padding-top: 30px;\n}\n<\/style>\n\t<\/div>\n\t\r\n\r\n<div class=\"row\"  id=\"row-1295112175\">\r\n\r\n\n\t<div id=\"col-1326100886\" class=\"col medium-6 small-12 large-6\"  >\n\t\t\t\t<div class=\"col-inner\"  >\n\t\t\t\n\t\t\t\r\n<p style=\"text-align: justify;\">Tous nos \u00c9charpes de portage sont minces et tr\u00e8s stables. Cela les rend tr\u00e8s faciles \u00e0 serrer. Ils s\u2019adaptent donc parfaitement \u00e0 vous et \u00e0 votre b\u00e9b\u00e9, presque comme une seconde peau. Le \u00e9charpes en lin est d\u00e9j\u00e0 tr\u00e8s doux au simple toucher, mais devient encore plus lorsque le tissu est nou\u00e9 et port\u00e9. Vu que le lin est une fibre tr\u00e8s r\u00e9sistante, notre ring sling est toujours agr\u00e9able \u00e0 porter. Ce ring sling est tout aussi bien con\u00e7u pour faire de longues balades. Si vous n\u2019en avez plus besoin, vous pouvez facilement le ranger dans une poche pour \u00e9conomiser de l\u2019espace.<\/p>\r\n\t\t<\/div>\n\t\t\t\t\t<\/div>\n\n\t\r\n\n\t<div id=\"col-1522409609\" class=\"col medium-6 small-12 large-6\"  data-animate=\"fadeInRight\">\n\t\t\t\t<div class=\"col-inner\"  >\n\t\t\t\n\t\t\t\r\n\r\n\n  <div class=\"banner has-hover\" id=\"banner-351683168\">\n          <div class=\"banner-inner fill\">\n        <div class=\"banner-bg fill\" >\n            <img loading=\"lazy\" decoding=\"async\" width=\"533\" height=\"800\" src=\"https:\/\/mariblum.de\/wp-content\/uploads\/2019\/10\/ring-sling-tragetuch-aus-leinen-luxus-edel.jpg\" class=\"bg attachment-medium_large size-medium_large\" alt=\"champ-de-brouillard-ring-sling-en-lin-elegant\" \/>                        <div class=\"overlay\"><\/div>            \n                    <\/div>\n\t\t\n        <div class=\"banner-layers container\">\n            <div class=\"fill banner-link\"><\/div>            \r\n\r\n   <div id=\"text-box-14940847\" class=\"text-box banner-layer x5 md-x5 lg-x5 y50 md-y50 lg-y50 res-text\">\n                     <div data-animate=\"fadeInLeft\">           <div class=\"text-box-content text box-shadow-3\">\n              \n              <div class=\"text-inner text-left\">\n                  \r\n<h2 class=\"uppercase\" align=\"center\"><strong>Lin<\/strong><\/h2>\r\n<h3 align=\"center\">\u00c9charpe de Portage<\/h3>\r\n<p align=\"center\">Un porte-b\u00e9b\u00e9 en lin pr\u00e9sente de nombreux avantages. Lisez notre blog pour d\u00e9couvrir ce qu'ils sont et comment ils vous soutiennent, vous et votre b\u00e9b\u00e9.\r\n<\/p>\r\n<center><a href=\"https:\/\/mariblum.de\/fr\/lin-avantages-des-echarpes-ou-ring-slings\/\" class=\"button primary\" style=\"border-radius:25px;\">\n\t\t<span>en plus<\/span>\n\t<\/a>\n<\/center>\r\n\r\n              <\/div>\n           <\/div>\n       <\/div>                     \n<style>\n#text-box-14940847 .text-box-content {\n  background-color: rgb(255, 255, 255);\n  border-radius: 55px;\n  font-size: 100%;\n}\n#text-box-14940847 .text-inner {\n  padding: 30px 30px 30px 30px;\n}\n#text-box-14940847 {\n  width: 60%;\n}\n@media (min-width:550px) {\n  #text-box-14940847 {\n    width: 40%;\n  }\n}\n<\/style>\n    <\/div>\n \r\n\r\n        <\/div>\n      <\/div>\n\n            \n<style>\n#banner-351683168 {\n  padding-top: 400px;\n  background-color: rgb(255, 255, 255);\n}\n#banner-351683168 .overlay {\n  background-color: rgba(190, 190, 190, 0.2);\n}\n#banner-351683168 .banner-bg img {\n  object-position: 28% 33%;\n}\n<\/style>\n  <\/div>\n\n\r\n\r\n\t\t<\/div>\n\t\t\t\t\t<\/div>\n\n\t\r\n\r\n<\/div>\n<div class=\"row\"  id=\"row-1952183439\">\r\n\r\n\n\t<div id=\"col-38726951\" class=\"col medium-6 small-12 large-6\"  >\n\t\t\t\t<div class=\"col-inner\"  >\n\t\t\t\n\t\t\t\r\n\r\n<h5>Indications pour l'utilisateur :<\/h5>\r\n<p style=\"text-align: justify;\">L'\u00e9charpe de portage en lin est relativement fine, d\u00e9j\u00e0 tr\u00e8s douce et tr\u00e8s stable. Elle est donc tr\u00e8s facile \u00e0 tendre et s'adapte parfaitement \u00e0 toi et au b\u00e9b\u00e9. Le lin est d'ailleurs issu de l'agriculture biologique contr\u00f4l\u00e9e.\r\n<\/p>\r\n<p style=\"text-align: justify;\">L'\u00e9tiquette cousue est certifi\u00e9e et se compose de polyester recycl\u00e9. Le similicuir ainsi que l'\u00e9tiquette sont donc un compromis que nous devons accepter. Si vous avez une suggestion d'alternative, n'h\u00e9sitez pas \u00e0 nous le faire savoir.<\/p>\r\n\r\n\r\n\t\t<\/div>\n\t\t\t\t\t<\/div>\n\n\t\r\n\n\t<div id=\"col-2010378444\" class=\"col medium-6 small-12 large-6\"  data-animate=\"fadeInRight\">\n\t\t\t\t<div class=\"col-inner\"  >\n\t\t\t\n\t\t\t\r\n\r\n\t\n  \n    <div class=\"row large-columns-1 medium-columns- small-columns- row-small slider row-slider slider-nav-reveal slider-nav-push\"  data-flickity-options='{&quot;imagesLoaded&quot;: true, &quot;groupCells&quot;: &quot;100%&quot;, &quot;dragThreshold&quot; : 5, &quot;cellAlign&quot;: &quot;left&quot;,&quot;wrapAround&quot;: true,&quot;prevNextButtons&quot;: true,&quot;percentPosition&quot;: true,&quot;pageDots&quot;: false, &quot;rightToLeft&quot;: false, &quot;autoPlay&quot; : 2000}' >\n\n  \n\t     <div class=\"product-small col has-hover product type-product post-11978 status-publish first instock product_cat-fr-slings-en-coton product_cat-tissus-en-coton product_tag-coton product_tag-elephant-fr product_tag-noir product_tag-sling-fr product_tag-vert has-post-thumbnail sale featured purchasable product-type-variable has-default-attributes has-product-safety-information\">\n\t<div class=\"col-inner\">\n\t\n<div class=\"badge-container absolute left top z-1\">\n<div class=\"callout badge badge-circle\"><div class=\"badge-inner secondary on-sale\"><span class=\"onsale\">Promo\u00a0!<\/span><\/div><\/div>\n<\/div>\n\t<div class=\"product-small box \">\n\t\t<div class=\"box-image\">\n\t\t\t<div class=\"image-fade_in_back\">\n\t\t\t\t<a href=\"https:\/\/mariblum.de\/fr\/produkt\/porte-bebe-vert-noir-elephant-en-coton-echarpe\/\">\n\t\t\t\t\t<img loading=\"lazy\" decoding=\"async\" width=\"247\" height=\"247\" src=\"https:\/\/mariblum.de\/wp-content\/uploads\/2022\/03\/schwarz-gruen-tragetuch-aus-baumwolle-elefanten-baby-richtig-gebunden-247x247.jpg\" class=\"attachment-woocommerce_thumbnail size-woocommerce_thumbnail\" alt=\"noir-vert-\u00e9charpe-de-portage-en-coton-\u00e9l\u00e9phant-b\u00e9b\u00e9-faux-li\u00e9\" srcset=\"https:\/\/mariblum.de\/wp-content\/uploads\/2022\/03\/schwarz-gruen-tragetuch-aus-baumwolle-elefanten-baby-richtig-gebunden-247x247.jpg 247w, https:\/\/mariblum.de\/wp-content\/uploads\/2022\/03\/schwarz-gruen-tragetuch-aus-baumwolle-elefanten-baby-richtig-gebunden-100x100.jpg 100w, https:\/\/mariblum.de\/wp-content\/uploads\/2022\/03\/schwarz-gruen-tragetuch-aus-baumwolle-elefanten-baby-richtig-gebunden-150x150.jpg 150w\" sizes=\"auto, (max-width: 247px) 100vw, 247px\" \/><img loading=\"lazy\" decoding=\"async\" width=\"247\" height=\"247\" src=\"https:\/\/mariblum.de\/wp-content\/uploads\/2022\/03\/schwarz-gruen-edles-tragetuch-aus-baumwolle-elefanten-247x247.jpg\" class=\"show-on-hover absolute fill hide-for-small back-image\" alt=\"noir-vert-edles-\u00e9charpe-de-portage-en-coton-\u00e9l\u00e9phant\" aria-hidden=\"true\" srcset=\"https:\/\/mariblum.de\/wp-content\/uploads\/2022\/03\/schwarz-gruen-edles-tragetuch-aus-baumwolle-elefanten-247x247.jpg 247w, https:\/\/mariblum.de\/wp-content\/uploads\/2022\/03\/schwarz-gruen-edles-tragetuch-aus-baumwolle-elefanten-100x100.jpg 100w, https:\/\/mariblum.de\/wp-content\/uploads\/2022\/03\/schwarz-gruen-edles-tragetuch-aus-baumwolle-elefanten-150x150.jpg 150w\" sizes=\"auto, (max-width: 247px) 100vw, 247px\" \/>\t\t\t\t<\/a>\n\t\t\t<\/div>\n\t\t\t<div class=\"image-tools is-small top right show-on-hover\">\n\t\t\t\t\t\t\t<\/div>\n\t\t\t<div class=\"image-tools is-small hide-for-small bottom left show-on-hover\">\n\t\t\t\t\t\t\t<\/div>\n\t\t\t<div class=\"image-tools grid-tools text-center hide-for-small bottom hover-slide-in show-on-hover\">\n\t\t\t\t<a href=\"#quick-view\" class=\"quick-view\" role=\"button\" data-prod=\"11978\" aria-haspopup=\"dialog\" aria-expanded=\"false\" data-flatsome-role-button>Aper\u00e7u<\/a>\t\t\t<\/div>\n\t\t\t\t\t<\/div>\n\n\t\t<div class=\"box-text box-text-products text-center grid-style-2\">\n\t\t\t<div class=\"title-wrapper\">\t\t<p class=\"category uppercase is-smaller no-text-overflow product-cat op-8\">\n\t\t\t\u00c9charps en coton\t\t<\/p>\n\t<p class=\"name product-title woocommerce-loop-product__title\"><a href=\"https:\/\/mariblum.de\/fr\/produkt\/porte-bebe-vert-noir-elephant-en-coton-echarpe\/\" class=\"woocommerce-LoopProduct-link woocommerce-loop-product__link\">\u00c9l\u00e9phant (\u00e9charpe)<\/a><\/p><\/div><div class=\"price-wrapper\">\n\t<span class=\"price\"><span class=\"woocommerce-Price-amount amount\"><bdi>138,70&nbsp;<span class=\"woocommerce-Price-currencySymbol\">&euro;<\/span><\/bdi><\/span> &ndash; <span class=\"woocommerce-Price-amount amount\"><bdi>164,95&nbsp;<span class=\"woocommerce-Price-currencySymbol\">&euro;<\/span><\/bdi><\/span><\/span>\n\n\n\n<\/div>\t\t<\/div>\n\t<\/div>\n\t\n<span class=\"gtm4wp_productdata\" style=\"display:none; visibility:hidden;\" data-gtm4wp_product_data=\"{&quot;internal_id&quot;:11978,&quot;item_id&quot;:11978,&quot;item_name&quot;:&quot;\\u00c9l\\u00e9phant (\\u00e9charpe)&quot;,&quot;sku&quot;:11978,&quot;price&quot;:138.7,&quot;stocklevel&quot;:null,&quot;stockstatus&quot;:&quot;instock&quot;,&quot;google_business_vertical&quot;:&quot;retail&quot;,&quot;item_category&quot;:&quot;\\u00c9charps en coton&quot;,&quot;id&quot;:11978,&quot;productlink&quot;:&quot;https:\\\/\\\/mariblum.de\\\/fr\\\/produkt\\\/porte-bebe-vert-noir-elephant-en-coton-echarpe\\\/&quot;,&quot;item_list_name&quot;:&quot;Liste g\\u00e9n\\u00e9rale des produits&quot;,&quot;index&quot;:1,&quot;product_type&quot;:&quot;variable&quot;,&quot;item_brand&quot;:&quot;&quot;}\"><\/span>\t<\/div>\n<\/div><div class=\"product-small col has-hover product type-product post-14586 status-publish instock product_cat-fr-slings-en-coton product_cat-tissus-en-coton product_tag-coton product_tag-elephant-fr product_tag-noir product_tag-sling-fr has-post-thumbnail sale purchasable product-type-variable has-default-attributes has-product-safety-information\">\n\t<div class=\"col-inner\">\n\t\n<div class=\"badge-container absolute left top z-1\">\n<div class=\"callout badge badge-circle\"><div class=\"badge-inner secondary on-sale\"><span class=\"onsale\">Promo\u00a0!<\/span><\/div><\/div>\n<\/div>\n\t<div class=\"product-small box \">\n\t\t<div class=\"box-image\">\n\t\t\t<div class=\"image-fade_in_back\">\n\t\t\t\t<a href=\"https:\/\/mariblum.de\/fr\/produkt\/elephant-echarpe-coton-noir-or\/\">\n\t\t\t\t\t<img loading=\"lazy\" decoding=\"async\" width=\"247\" height=\"247\" src=\"https:\/\/mariblum.de\/wp-content\/uploads\/2023\/02\/Tragetuch-Baby-Elefant-gold-schwarz-247x247.jpg\" class=\"attachment-woocommerce_thumbnail size-woocommerce_thumbnail\" alt=\"Baby Tragetuch mit Elefantenmotiv in gold-schwarz\" srcset=\"https:\/\/mariblum.de\/wp-content\/uploads\/2023\/02\/Tragetuch-Baby-Elefant-gold-schwarz-247x247.jpg 247w, https:\/\/mariblum.de\/wp-content\/uploads\/2023\/02\/Tragetuch-Baby-Elefant-gold-schwarz-150x150.jpg 150w, https:\/\/mariblum.de\/wp-content\/uploads\/2023\/02\/Tragetuch-Baby-Elefant-gold-schwarz-100x100.jpg 100w\" sizes=\"auto, (max-width: 247px) 100vw, 247px\" \/><img loading=\"lazy\" decoding=\"async\" width=\"247\" height=\"247\" src=\"https:\/\/mariblum.de\/wp-content\/uploads\/2023\/02\/elefanten-tragetuch-schwarz-gold-aus-baumwolle-247x247.jpg\" class=\"show-on-hover absolute fill hide-for-small back-image\" alt=\"elefanten-tragetuch-schwarz-gold-aus-baumwolle\" aria-hidden=\"true\" srcset=\"https:\/\/mariblum.de\/wp-content\/uploads\/2023\/02\/elefanten-tragetuch-schwarz-gold-aus-baumwolle-247x247.jpg 247w, https:\/\/mariblum.de\/wp-content\/uploads\/2023\/02\/elefanten-tragetuch-schwarz-gold-aus-baumwolle-100x100.jpg 100w, https:\/\/mariblum.de\/wp-content\/uploads\/2023\/02\/elefanten-tragetuch-schwarz-gold-aus-baumwolle-150x150.jpg 150w\" sizes=\"auto, (max-width: 247px) 100vw, 247px\" \/>\t\t\t\t<\/a>\n\t\t\t<\/div>\n\t\t\t<div class=\"image-tools is-small top right show-on-hover\">\n\t\t\t\t\t\t\t<\/div>\n\t\t\t<div class=\"image-tools is-small hide-for-small bottom left show-on-hover\">\n\t\t\t\t\t\t\t<\/div>\n\t\t\t<div class=\"image-tools grid-tools text-center hide-for-small bottom hover-slide-in show-on-hover\">\n\t\t\t\t<a href=\"#quick-view\" class=\"quick-view\" role=\"button\" data-prod=\"14586\" aria-haspopup=\"dialog\" aria-expanded=\"false\" data-flatsome-role-button>Aper\u00e7u<\/a>\t\t\t<\/div>\n\t\t\t\t\t<\/div>\n\n\t\t<div class=\"box-text box-text-products text-center grid-style-2\">\n\t\t\t<div class=\"title-wrapper\">\t\t<p class=\"category uppercase is-smaller no-text-overflow product-cat op-8\">\n\t\t\t\u00c9charps en coton\t\t<\/p>\n\t<p class=\"name product-title woocommerce-loop-product__title\"><a href=\"https:\/\/mariblum.de\/fr\/produkt\/elephant-echarpe-coton-noir-or\/\" class=\"woocommerce-LoopProduct-link woocommerce-loop-product__link\">\u00c9l\u00e9phant (\u00e9charpe)<\/a><\/p><\/div><div class=\"price-wrapper\">\n\t<span class=\"price\"><span class=\"woocommerce-Price-amount amount\"><bdi>138,70&nbsp;<span class=\"woocommerce-Price-currencySymbol\">&euro;<\/span><\/bdi><\/span> &ndash; <span class=\"woocommerce-Price-amount amount\"><bdi>164,95&nbsp;<span class=\"woocommerce-Price-currencySymbol\">&euro;<\/span><\/bdi><\/span><\/span>\n\n\n\n<\/div>\t\t<\/div>\n\t<\/div>\n\t\n<span class=\"gtm4wp_productdata\" style=\"display:none; visibility:hidden;\" data-gtm4wp_product_data=\"{&quot;internal_id&quot;:14586,&quot;item_id&quot;:14586,&quot;item_name&quot;:&quot;\\u00c9l\\u00e9phant (\\u00e9charpe)&quot;,&quot;sku&quot;:&quot;22TT-ELEFANT-gs&quot;,&quot;price&quot;:138.7,&quot;stocklevel&quot;:null,&quot;stockstatus&quot;:&quot;instock&quot;,&quot;google_business_vertical&quot;:&quot;retail&quot;,&quot;item_category&quot;:&quot;\\u00c9charps en coton&quot;,&quot;id&quot;:14586,&quot;productlink&quot;:&quot;https:\\\/\\\/mariblum.de\\\/fr\\\/produkt\\\/elephant-echarpe-coton-noir-or\\\/&quot;,&quot;item_list_name&quot;:&quot;Liste g\\u00e9n\\u00e9rale des produits&quot;,&quot;index&quot;:2,&quot;product_type&quot;:&quot;variable&quot;,&quot;item_brand&quot;:&quot;&quot;}\"><\/span>\t<\/div>\n<\/div><div class=\"product-small col has-hover product type-product post-11946 status-publish last instock product_cat-fr-slings-en-coton product_cat-tissus-en-coton product_tag-coton product_tag-elephant-fr product_tag-noir product_tag-rose product_tag-sling-fr has-post-thumbnail sale purchasable product-type-variable has-default-attributes has-product-safety-information\">\n\t<div class=\"col-inner\">\n\t\n<div class=\"badge-container absolute left top z-1\">\n<div class=\"callout badge badge-circle\"><div class=\"badge-inner secondary on-sale\"><span class=\"onsale\">Promo\u00a0!<\/span><\/div><\/div>\n<\/div>\n\t<div class=\"product-small box \">\n\t\t<div class=\"box-image\">\n\t\t\t<div class=\"image-fade_in_back\">\n\t\t\t\t<a href=\"https:\/\/mariblum.de\/fr\/produkt\/porte-bebe-noir-rose-edle-coton-elephant\/\">\n\t\t\t\t\t<img loading=\"lazy\" decoding=\"async\" width=\"247\" height=\"247\" src=\"https:\/\/mariblum.de\/wp-content\/uploads\/2022\/03\/babytragetuch-baumwolle-elefant-lila-wald-247x247.webp\" class=\"attachment-woocommerce_thumbnail size-woocommerce_thumbnail\" alt=\"Une femme est assise d\u00e9tendue dans la for\u00eat et porte une \u00e9charpe pour b\u00e9b\u00e9 violet-rose en 100% coton avec un grand motif d&#039;\u00e9l\u00e9phant.\" srcset=\"https:\/\/mariblum.de\/wp-content\/uploads\/2022\/03\/babytragetuch-baumwolle-elefant-lila-wald-247x247.webp 247w, https:\/\/mariblum.de\/wp-content\/uploads\/2022\/03\/babytragetuch-baumwolle-elefant-lila-wald-150x150.webp 150w, https:\/\/mariblum.de\/wp-content\/uploads\/2022\/03\/babytragetuch-baumwolle-elefant-lila-wald-100x100.webp 100w\" sizes=\"auto, (max-width: 247px) 100vw, 247px\" \/><img loading=\"lazy\" decoding=\"async\" width=\"247\" height=\"247\" src=\"https:\/\/mariblum.de\/wp-content\/uploads\/2022\/03\/ring-sling-tragetuch-elefant-pink-sonnenuntergang-247x247.webp\" class=\"show-on-hover absolute fill hide-for-small back-image\" alt=\"Femme porte son b\u00e9b\u00e9 dans une \u00e9charpe rose \u00e0 motif d&#039;\u00e9l\u00e9phant sur une prairie au coucher du soleil.\" aria-hidden=\"true\" srcset=\"https:\/\/mariblum.de\/wp-content\/uploads\/2022\/03\/ring-sling-tragetuch-elefant-pink-sonnenuntergang-247x247.webp 247w, https:\/\/mariblum.de\/wp-content\/uploads\/2022\/03\/ring-sling-tragetuch-elefant-pink-sonnenuntergang-150x150.webp 150w, https:\/\/mariblum.de\/wp-content\/uploads\/2022\/03\/ring-sling-tragetuch-elefant-pink-sonnenuntergang-100x100.webp 100w\" sizes=\"auto, (max-width: 247px) 100vw, 247px\" \/>\t\t\t\t<\/a>\n\t\t\t<\/div>\n\t\t\t<div class=\"image-tools is-small top right show-on-hover\">\n\t\t\t\t\t\t\t<\/div>\n\t\t\t<div class=\"image-tools is-small hide-for-small bottom left show-on-hover\">\n\t\t\t\t\t\t\t<\/div>\n\t\t\t<div class=\"image-tools grid-tools text-center hide-for-small bottom hover-slide-in show-on-hover\">\n\t\t\t\t<a href=\"#quick-view\" class=\"quick-view\" role=\"button\" data-prod=\"11946\" aria-haspopup=\"dialog\" aria-expanded=\"false\" data-flatsome-role-button>Aper\u00e7u<\/a>\t\t\t<\/div>\n\t\t\t\t\t<\/div>\n\n\t\t<div class=\"box-text box-text-products text-center grid-style-2\">\n\t\t\t<div class=\"title-wrapper\">\t\t<p class=\"category uppercase is-smaller no-text-overflow product-cat op-8\">\n\t\t\t\u00c9charps en coton\t\t<\/p>\n\t<p class=\"name product-title woocommerce-loop-product__title\"><a href=\"https:\/\/mariblum.de\/fr\/produkt\/porte-bebe-noir-rose-edle-coton-elephant\/\" class=\"woocommerce-LoopProduct-link woocommerce-loop-product__link\">\u00c9l\u00e9phant (\u00e9charpe)<\/a><\/p><\/div><div class=\"price-wrapper\">\n\t<span class=\"price\"><span class=\"woocommerce-Price-amount amount\"><bdi>138,70&nbsp;<span class=\"woocommerce-Price-currencySymbol\">&euro;<\/span><\/bdi><\/span> &ndash; <span class=\"woocommerce-Price-amount amount\"><bdi>164,95&nbsp;<span class=\"woocommerce-Price-currencySymbol\">&euro;<\/span><\/bdi><\/span><\/span>\n\n\n\n<\/div>\t\t<\/div>\n\t<\/div>\n\t\n<span class=\"gtm4wp_productdata\" style=\"display:none; visibility:hidden;\" data-gtm4wp_product_data=\"{&quot;internal_id&quot;:11946,&quot;item_id&quot;:11946,&quot;item_name&quot;:&quot;\\u00c9l\\u00e9phant (\\u00e9charpe)&quot;,&quot;sku&quot;:11946,&quot;price&quot;:138.7,&quot;stocklevel&quot;:null,&quot;stockstatus&quot;:&quot;instock&quot;,&quot;google_business_vertical&quot;:&quot;retail&quot;,&quot;item_category&quot;:&quot;\\u00c9charps en coton&quot;,&quot;id&quot;:11946,&quot;productlink&quot;:&quot;https:\\\/\\\/mariblum.de\\\/fr\\\/produkt\\\/porte-bebe-noir-rose-edle-coton-elephant\\\/&quot;,&quot;item_list_name&quot;:&quot;Liste g\\u00e9n\\u00e9rale des produits&quot;,&quot;index&quot;:3,&quot;product_type&quot;:&quot;variable&quot;,&quot;item_brand&quot;:&quot;&quot;}\"><\/span>\t<\/div>\n<\/div><div class=\"product-small col has-hover product type-product post-11799 status-publish first instock product_cat-fr-slings-en-coton product_cat-tissus-en-coton product_tag-blanc product_tag-coton product_tag-elephant-fr product_tag-sling-fr product_tag-vert has-post-thumbnail sale purchasable product-type-variable has-default-attributes has-product-safety-information\">\n\t<div class=\"col-inner\">\n\t\n<div class=\"badge-container absolute left top z-1\">\n<div class=\"callout badge badge-circle\"><div class=\"badge-inner secondary on-sale\"><span class=\"onsale\">Promo\u00a0!<\/span><\/div><\/div>\n<\/div>\n\t<div class=\"product-small box \">\n\t\t<div class=\"box-image\">\n\t\t\t<div class=\"image-fade_in_back\">\n\t\t\t\t<a href=\"https:\/\/mariblum.de\/fr\/produkt\/echarpe-de-portage-en-coton-vert-blanc\/\">\n\t\t\t\t\t<img loading=\"lazy\" decoding=\"async\" width=\"247\" height=\"247\" src=\"https:\/\/mariblum.de\/wp-content\/uploads\/2022\/03\/babytragetuch-elefant-salbeigruen-binden-wald-247x247.webp\" class=\"attachment-woocommerce_thumbnail size-woocommerce_thumbnail\" alt=\"Femme porte son b\u00e9b\u00e9 dans l&#039;herbe de roseau d&#039;automne sur le dos. La longue \u00e9charpe vert clair \u00e0 motif \u00e9l\u00e9phant tombe avec \u00e9l\u00e9gance comme une robe.\" srcset=\"https:\/\/mariblum.de\/wp-content\/uploads\/2022\/03\/babytragetuch-elefant-salbeigruen-binden-wald-247x247.webp 247w, https:\/\/mariblum.de\/wp-content\/uploads\/2022\/03\/babytragetuch-elefant-salbeigruen-binden-wald-150x150.webp 150w, https:\/\/mariblum.de\/wp-content\/uploads\/2022\/03\/babytragetuch-elefant-salbeigruen-binden-wald-100x100.webp 100w\" sizes=\"auto, (max-width: 247px) 100vw, 247px\" \/><img loading=\"lazy\" decoding=\"async\" width=\"247\" height=\"247\" src=\"https:\/\/mariblum.de\/wp-content\/uploads\/2022\/03\/tragetuch-baumwolle-elefant-mandala-nahaufnahme-247x247.webp\" class=\"show-on-hover absolute fill hide-for-small back-image\" alt=\"Gros plan d&#039;une \u00e9charpe b\u00e9b\u00e9 attach\u00e9e en vert-blanc. On peut voir une t\u00eate d&#039;\u00e9l\u00e9phant d\u00e9taill\u00e9e et un petit mandala sur le dos du b\u00e9b\u00e9.\" aria-hidden=\"true\" srcset=\"https:\/\/mariblum.de\/wp-content\/uploads\/2022\/03\/tragetuch-baumwolle-elefant-mandala-nahaufnahme-247x247.webp 247w, https:\/\/mariblum.de\/wp-content\/uploads\/2022\/03\/tragetuch-baumwolle-elefant-mandala-nahaufnahme-150x150.webp 150w, https:\/\/mariblum.de\/wp-content\/uploads\/2022\/03\/tragetuch-baumwolle-elefant-mandala-nahaufnahme-100x100.webp 100w\" sizes=\"auto, (max-width: 247px) 100vw, 247px\" \/>\t\t\t\t<\/a>\n\t\t\t<\/div>\n\t\t\t<div class=\"image-tools is-small top right show-on-hover\">\n\t\t\t\t\t\t\t<\/div>\n\t\t\t<div class=\"image-tools is-small hide-for-small bottom left show-on-hover\">\n\t\t\t\t\t\t\t<\/div>\n\t\t\t<div class=\"image-tools grid-tools text-center hide-for-small bottom hover-slide-in show-on-hover\">\n\t\t\t\t<a href=\"#quick-view\" class=\"quick-view\" role=\"button\" data-prod=\"11799\" aria-haspopup=\"dialog\" aria-expanded=\"false\" data-flatsome-role-button>Aper\u00e7u<\/a>\t\t\t<\/div>\n\t\t\t\t\t<\/div>\n\n\t\t<div class=\"box-text box-text-products text-center grid-style-2\">\n\t\t\t<div class=\"title-wrapper\">\t\t<p class=\"category uppercase is-smaller no-text-overflow product-cat op-8\">\n\t\t\t\u00c9charps en coton\t\t<\/p>\n\t<p class=\"name product-title woocommerce-loop-product__title\"><a href=\"https:\/\/mariblum.de\/fr\/produkt\/echarpe-de-portage-en-coton-vert-blanc\/\" class=\"woocommerce-LoopProduct-link woocommerce-loop-product__link\">\u00c9l\u00e9phant (\u00e9charpe)<\/a><\/p><\/div><div class=\"price-wrapper\">\n\t<span class=\"price\"><span class=\"woocommerce-Price-amount amount\"><bdi>138,70&nbsp;<span class=\"woocommerce-Price-currencySymbol\">&euro;<\/span><\/bdi><\/span> &ndash; <span class=\"woocommerce-Price-amount amount\"><bdi>164,95&nbsp;<span class=\"woocommerce-Price-currencySymbol\">&euro;<\/span><\/bdi><\/span><\/span>\n\n\n\n<\/div>\t\t<\/div>\n\t<\/div>\n\t\n<span class=\"gtm4wp_productdata\" style=\"display:none; visibility:hidden;\" data-gtm4wp_product_data=\"{&quot;internal_id&quot;:11799,&quot;item_id&quot;:11799,&quot;item_name&quot;:&quot;\\u00c9l\\u00e9phant (\\u00e9charpe)&quot;,&quot;sku&quot;:11799,&quot;price&quot;:138.7,&quot;stocklevel&quot;:null,&quot;stockstatus&quot;:&quot;instock&quot;,&quot;google_business_vertical&quot;:&quot;retail&quot;,&quot;item_category&quot;:&quot;\\u00c9charps en coton&quot;,&quot;id&quot;:11799,&quot;productlink&quot;:&quot;https:\\\/\\\/mariblum.de\\\/fr\\\/produkt\\\/echarpe-de-portage-en-coton-vert-blanc\\\/&quot;,&quot;item_list_name&quot;:&quot;Liste g\\u00e9n\\u00e9rale des produits&quot;,&quot;index&quot;:4,&quot;product_type&quot;:&quot;variable&quot;,&quot;item_brand&quot;:&quot;&quot;}\"><\/span>\t<\/div>\n<\/div><div class=\"product-small col has-hover product type-product post-14534 status-publish instock product_cat-fr-slings-en-coton product_cat-tissus-en-coton product_tag-blanc product_tag-bleu product_tag-coton product_tag-elephant-fr product_tag-sling-fr has-post-thumbnail sale featured purchasable product-type-variable has-default-attributes has-product-safety-information\">\n\t<div class=\"col-inner\">\n\t\n<div class=\"badge-container absolute left top z-1\">\n<div class=\"callout badge badge-circle\"><div class=\"badge-inner secondary on-sale\"><span class=\"onsale\">Promo\u00a0!<\/span><\/div><\/div>\n<\/div>\n\t<div class=\"product-small box \">\n\t\t<div class=\"box-image\">\n\t\t\t<div class=\"image-fade_in_back\">\n\t\t\t\t<a href=\"https:\/\/mariblum.de\/fr\/produkt\/elephant-echarpe-bleu-en-coton\/\">\n\t\t\t\t\t<img loading=\"lazy\" decoding=\"async\" width=\"247\" height=\"247\" src=\"https:\/\/mariblum.de\/wp-content\/uploads\/2023\/02\/tragetuch-aus-baumwolle-elefanten-motiv-247x247.jpg\" class=\"attachment-woocommerce_thumbnail size-woocommerce_thumbnail\" alt=\"tragetuch-aus-baumwolle-elefanten-motiv\" srcset=\"https:\/\/mariblum.de\/wp-content\/uploads\/2023\/02\/tragetuch-aus-baumwolle-elefanten-motiv-247x247.jpg 247w, https:\/\/mariblum.de\/wp-content\/uploads\/2023\/02\/tragetuch-aus-baumwolle-elefanten-motiv-100x100.jpg 100w, https:\/\/mariblum.de\/wp-content\/uploads\/2023\/02\/tragetuch-aus-baumwolle-elefanten-motiv-150x150.jpg 150w\" sizes=\"auto, (max-width: 247px) 100vw, 247px\" \/><img loading=\"lazy\" decoding=\"async\" width=\"247\" height=\"247\" src=\"https:\/\/mariblum.de\/wp-content\/uploads\/2025\/04\/Baumwolle-Baby-Tragetuch_Elefantenmotiv-weiss-blau-247x247.jpg\" class=\"show-on-hover absolute fill hide-for-small back-image\" alt=\"Alternative view of \u00c9l\u00e9phant (\u00e9charpe)\" aria-hidden=\"true\" srcset=\"https:\/\/mariblum.de\/wp-content\/uploads\/2025\/04\/Baumwolle-Baby-Tragetuch_Elefantenmotiv-weiss-blau-247x247.jpg 247w, https:\/\/mariblum.de\/wp-content\/uploads\/2025\/04\/Baumwolle-Baby-Tragetuch_Elefantenmotiv-weiss-blau-150x150.jpg 150w, https:\/\/mariblum.de\/wp-content\/uploads\/2025\/04\/Baumwolle-Baby-Tragetuch_Elefantenmotiv-weiss-blau-100x100.jpg 100w\" sizes=\"auto, (max-width: 247px) 100vw, 247px\" \/>\t\t\t\t<\/a>\n\t\t\t<\/div>\n\t\t\t<div class=\"image-tools is-small top right show-on-hover\">\n\t\t\t\t\t\t\t<\/div>\n\t\t\t<div class=\"image-tools is-small hide-for-small bottom left show-on-hover\">\n\t\t\t\t\t\t\t<\/div>\n\t\t\t<div class=\"image-tools grid-tools text-center hide-for-small bottom hover-slide-in show-on-hover\">\n\t\t\t\t<a href=\"#quick-view\" class=\"quick-view\" role=\"button\" data-prod=\"14534\" aria-haspopup=\"dialog\" aria-expanded=\"false\" data-flatsome-role-button>Aper\u00e7u<\/a>\t\t\t<\/div>\n\t\t\t\t\t<\/div>\n\n\t\t<div class=\"box-text box-text-products text-center grid-style-2\">\n\t\t\t<div class=\"title-wrapper\">\t\t<p class=\"category uppercase is-smaller no-text-overflow product-cat op-8\">\n\t\t\t\u00c9charps en coton\t\t<\/p>\n\t<p class=\"name product-title woocommerce-loop-product__title\"><a href=\"https:\/\/mariblum.de\/fr\/produkt\/elephant-echarpe-bleu-en-coton\/\" class=\"woocommerce-LoopProduct-link woocommerce-loop-product__link\">\u00c9l\u00e9phant (\u00e9charpe)<\/a><\/p><\/div><div class=\"price-wrapper\">\n\t<span class=\"price\"><span class=\"woocommerce-Price-amount amount\"><bdi>138,70&nbsp;<span class=\"woocommerce-Price-currencySymbol\">&euro;<\/span><\/bdi><\/span> &ndash; <span class=\"woocommerce-Price-amount amount\"><bdi>164,95&nbsp;<span class=\"woocommerce-Price-currencySymbol\">&euro;<\/span><\/bdi><\/span><\/span>\n\n\n\n<\/div>\t\t<\/div>\n\t<\/div>\n\t\n<span class=\"gtm4wp_productdata\" style=\"display:none; visibility:hidden;\" data-gtm4wp_product_data=\"{&quot;internal_id&quot;:14534,&quot;item_id&quot;:14534,&quot;item_name&quot;:&quot;\\u00c9l\\u00e9phant (\\u00e9charpe)&quot;,&quot;sku&quot;:14534,&quot;price&quot;:138.7,&quot;stocklevel&quot;:null,&quot;stockstatus&quot;:&quot;instock&quot;,&quot;google_business_vertical&quot;:&quot;retail&quot;,&quot;item_category&quot;:&quot;\\u00c9charps en coton&quot;,&quot;id&quot;:14534,&quot;productlink&quot;:&quot;https:\\\/\\\/mariblum.de\\\/fr\\\/produkt\\\/elephant-echarpe-bleu-en-coton\\\/&quot;,&quot;item_list_name&quot;:&quot;Liste g\\u00e9n\\u00e9rale des produits&quot;,&quot;index&quot;:5,&quot;product_type&quot;:&quot;variable&quot;,&quot;item_brand&quot;:&quot;&quot;}\"><\/span>\t<\/div>\n<\/div><\/div>\r\n\r\n\r\n\t\t<\/div>\n\t\t\t\t\t<\/div>\n\n\t\r\n\r\n<\/div>\r\n\r\n<p style=\"text-align: justify;\">Nos paquets et mat\u00e9riaux d'exp\u00e9dition proviennent de <a href=\"http:\/\/www.biobiene.com\/\" target=\"_blank\" rel=\"noopener noreferrer\">BioBiene<\/a>. Il s'agit d'un fabricant de mat\u00e9riaux d'emballage bio qui nous fournit des alternatives d'emballage 100% sans plastique.\u00a0<\/p>\r\n<p><center><a href=\"https:\/\/www.biobiene.com\/umweltsiegel\/index?id=5fdbd693288bd1c5739e0c3353817b47\" target=\"_blank\" rel=\"noopener noreferrer\"><img decoding=\"async\" class=\"aligncenter\" style=\"width: 170px; height: auto; image-rendering: -webkit-optimize-contrast;\" src=\"https:\/\/www.biobiene.com\/custom\/plugins\/SpnoBioSeal\/Images\/CustomerSeals\/5fdbd693288bd1c5739e0c3353817b47.png\" \/><\/a><\/center>&nbsp;<\/p>\r\n<h5>Conseils d'entretien :<\/h5>\r\n<div>\r\n<p style=\"text-align: justify;\">Les textiles en lin aiment l'eau et n'aiment pas la chaleur s\u00e8che. Tu leur rends donc service en pla\u00e7ant de temps en temps ton \u00e9charpe de portage en lin dans de l'eau claire. Tu peux ensuite la repasser \u00e0 la vapeur alors qu'elle est encore l\u00e9g\u00e8rement humide. En revanche, les textiles en lin n'aiment pas la chaleur s\u00e8che, ne les mets donc pas dans le s\u00e8che-linge.<\/p>\r\n<\/div>\r\n<div><\/div>\r\n<div><\/div>\r\n<div><center><img loading=\"lazy\" decoding=\"async\" class=\"alignnone wp-image-8863 size-medium\" src=\"https:\/\/mariblum.de\/wp-content\/uploads\/2019\/10\/pflegehinweise-textilien-300x66.png\" alt=\"pflegehinweise-textilien\" width=\"300\" height=\"66\" srcset=\"https:\/\/mariblum.de\/wp-content\/uploads\/2019\/10\/pflegehinweise-textilien-300x66.png 300w, https:\/\/mariblum.de\/wp-content\/uploads\/2019\/10\/pflegehinweise-textilien-510x111.png 510w, https:\/\/mariblum.de\/wp-content\/uploads\/2019\/10\/pflegehinweise-textilien.png 549w\" sizes=\"auto, (max-width: 300px) 100vw, 300px\" \/><\/center><\/div>\n","protected":false},"excerpt":{"rendered":"<p>Champ de Lavande &#8211; \u00c9charpe en lin Notre magnifique \u00e9charpe de portage \u00ab\u00a0Champ de lavande\u00a0\u00bb est en lin 100% bio et ressemble \u00e0 sa grande s\u0153ur \u00ab\u00a0Pourpre\u00a0\u00bb tout en ne lui ressemblant pas. Les plantes roses et violettes ont \u00e9t\u00e9 r\u00e9parties diff\u00e9remment sur Champ de lavande, ce qui donne un d\u00e9grad\u00e9 de couleurs tr\u00e8s harmonieux.<\/p>\n","protected":false},"featured_media":18952,"template":"","meta":[],"product_brand":[],"product_cat":[1439,2429],"product_tag":[1055,1053,1057,1073],"class_list":{"0":"post-15066","1":"product","2":"type-product","3":"status-publish","4":"has-post-thumbnail","6":"product_cat-fr-slings-en-lin","7":"product_cat-tissus-en-lin","8":"product_tag-biologica-fr-2","9":"product_tag-lin","10":"product_tag-ring-sling-fr","11":"product_tag-violet-fr-2","13":"last","14":"instock","15":"featured","16":"purchasable","17":"product-type-variable","18":"has-default-attributes"},"yoast_head":"<!-- This site is optimized with the Yoast SEO Premium plugin v23.3 (Yoast SEO v27.2) - https:\/\/yoast.com\/product\/yoast-seo-premium-wordpress\/ -->\n<title>Champ de Lavande (\u00c9charpe) | mariblum \u2013 porte-b\u00e9b\u00e9<\/title>\n<meta name=\"description\" content=\"Ce magnifique \u00e9charpe &quot;Champ de Lavande&quot; est en lin 100% bio et ressemble \u00e0 sa grande s\u0153ur &quot;Pourpre&quot; tout en n&#039;\u00e9tant pas...\" \/>\n<meta name=\"robots\" content=\"index, follow, max-snippet:-1, max-image-preview:large, max-video-preview:-1\" \/>\n<link rel=\"canonical\" href=\"https:\/\/mariblum.de\/fr\/produkt\/champ-de-lavande-echarpe-en-lin\/\" \/>\n<meta property=\"og:locale\" content=\"fr_FR\" \/>\n<meta property=\"og:type\" content=\"article\" \/>\n<meta property=\"og:title\" content=\"Champ de Lavande (\u00c9charpe)\" \/>\n<meta property=\"og:description\" content=\"Ce magnifique \u00e9charpe &quot;Champ de Lavande&quot; est en lin 100% bio et ressemble \u00e0 sa grande s\u0153ur &quot;Pourpre&quot; tout en n&#039;\u00e9tant pas...\" \/>\n<meta property=\"og:url\" content=\"https:\/\/mariblum.de\/fr\/produkt\/champ-de-lavande-echarpe-en-lin\/\" \/>\n<meta property=\"og:site_name\" content=\"mariblum - \u00c9charpe de portage\" \/>\n<meta property=\"article:modified_time\" content=\"2026-04-19T19:08:07+00:00\" \/>\n<meta property=\"og:image\" content=\"https:\/\/mariblum.de\/wp-content\/uploads\/2019\/10\/blue-linen-ring-sling-babywearing3-scaled-e1589112264598.jpg\" \/>\n\t<meta property=\"og:image:width\" content=\"534\" \/>\n\t<meta property=\"og:image:height\" content=\"800\" \/>\n\t<meta property=\"og:image:type\" content=\"image\/jpeg\" \/>\n<meta name=\"twitter:card\" content=\"summary_large_image\" \/>\n<meta name=\"twitter:label1\" content=\"Disponibilit\u00e9\" \/>\n\t<meta name=\"twitter:data1\" content=\"En stock\" \/>\n<script type=\"application\/ld+json\" class=\"yoast-schema-graph\">{\"@context\":\"https:\/\/schema.org\",\"@graph\":[{\"@type\":\"WebPage\",\"@id\":\"https:\/\/mariblum.de\/fr\/produkt\/champ-de-lavande-echarpe-en-lin\/\",\"url\":\"https:\/\/mariblum.de\/fr\/produkt\/champ-de-lavande-echarpe-en-lin\/\",\"name\":\"Champ de Lavande (\u00c9charpe) | mariblum \u2013 porte-b\u00e9b\u00e9\",\"isPartOf\":{\"@id\":\"https:\/\/mariblum.de\/fr\/#website\"},\"primaryImageOfPage\":{\"@id\":\"https:\/\/mariblum.de\/fr\/produkt\/champ-de-lavande-echarpe-en-lin\/#primaryimage\"},\"image\":{\"@id\":\"https:\/\/mariblum.de\/fr\/produkt\/champ-de-lavande-echarpe-en-lin\/#primaryimage\"},\"thumbnailUrl\":\"https:\/\/mariblum.de\/wp-content\/uploads\/2025\/04\/Lila-Tragetuch_Baby.jpg\",\"datePublished\":\"2023-04-14T06:45:48+00:00\",\"dateModified\":\"2026-04-19T19:08:07+00:00\",\"description\":\"Ce magnifique \u00e9charpe \\\"Champ de Lavande\\\" est en lin 100% bio et ressemble \u00e0 sa grande s\u0153ur \\\"Pourpre\\\" tout en n'\u00e9tant pas...\",\"breadcrumb\":{\"@id\":\"https:\/\/mariblum.de\/fr\/produkt\/champ-de-lavande-echarpe-en-lin\/#breadcrumb\"},\"inLanguage\":\"fr-FR\",\"potentialAction\":[{\"@type\":\"ReadAction\",\"target\":[\"https:\/\/mariblum.de\/fr\/produkt\/champ-de-lavande-echarpe-en-lin\/\"]}]},{\"@type\":\"ImageObject\",\"inLanguage\":\"fr-FR\",\"@id\":\"https:\/\/mariblum.de\/fr\/produkt\/champ-de-lavande-echarpe-en-lin\/#primaryimage\",\"url\":\"https:\/\/mariblum.de\/wp-content\/uploads\/2025\/04\/Lila-Tragetuch_Baby.jpg\",\"contentUrl\":\"https:\/\/mariblum.de\/wp-content\/uploads\/2025\/04\/Lila-Tragetuch_Baby.jpg\",\"width\":600,\"height\":800},{\"@type\":\"BreadcrumbList\",\"@id\":\"https:\/\/mariblum.de\/fr\/produkt\/champ-de-lavande-echarpe-en-lin\/#breadcrumb\",\"itemListElement\":[{\"@type\":\"ListItem\",\"position\":1,\"name\":\"Startseite\",\"item\":\"https:\/\/mariblum.de\/fr\/\"},{\"@type\":\"ListItem\",\"position\":2,\"name\":\"Shop\",\"item\":\"https:\/\/mariblum.de\/fr\/shop\/\"},{\"@type\":\"ListItem\",\"position\":3,\"name\":\"Champ de Lavande (\u00c9charpe)\"}]},{\"@type\":\"WebSite\",\"@id\":\"https:\/\/mariblum.de\/fr\/#website\",\"url\":\"https:\/\/mariblum.de\/fr\/\",\"name\":\"mariblum Traget\u00fccher\",\"description\":\"la fa\u00e7on naturelle de porter votre b\u00e9b\u00e9\",\"publisher\":{\"@id\":\"https:\/\/mariblum.de\/fr\/#organization\"},\"potentialAction\":[{\"@type\":\"SearchAction\",\"target\":{\"@type\":\"EntryPoint\",\"urlTemplate\":\"https:\/\/mariblum.de\/fr\/?s={search_term_string}\"},\"query-input\":{\"@type\":\"PropertyValueSpecification\",\"valueRequired\":true,\"valueName\":\"search_term_string\"}}],\"inLanguage\":\"fr-FR\"},{\"@type\":\"Organization\",\"@id\":\"https:\/\/mariblum.de\/fr\/#organization\",\"name\":\"mariblum\",\"url\":\"https:\/\/mariblum.de\/fr\/\",\"logo\":{\"@type\":\"ImageObject\",\"inLanguage\":\"fr-FR\",\"@id\":\"https:\/\/mariblum.de\/fr\/#\/schema\/logo\/image\/\",\"url\":\"https:\/\/mariblum.de\/wp-content\/uploads\/2020\/07\/logo_m-500x_transparent.png\",\"contentUrl\":\"https:\/\/mariblum.de\/wp-content\/uploads\/2020\/07\/logo_m-500x_transparent.png\",\"width\":500,\"height\":500,\"caption\":\"mariblum\"},\"image\":{\"@id\":\"https:\/\/mariblum.de\/fr\/#\/schema\/logo\/image\/\"},\"sameAs\":[\"https:\/\/www.instagram.com\/_mariblum_\/\"]}]}<\/script>\n<meta property=\"og:availability\" content=\"instock\" \/>\n<meta property=\"product:availability\" content=\"instock\" \/>\n<meta property=\"product:condition\" content=\"new\" \/>\n<!-- \/ Yoast SEO Premium plugin. -->","yoast_head_json":{"title":"Champ de Lavande (\u00c9charpe) | mariblum \u2013 porte-b\u00e9b\u00e9","description":"Ce magnifique \u00e9charpe \"Champ de Lavande\" est en lin 100% bio et ressemble \u00e0 sa grande s\u0153ur \"Pourpre\" tout en n'\u00e9tant pas...","robots":{"index":"index","follow":"follow","max-snippet":"max-snippet:-1","max-image-preview":"max-image-preview:large","max-video-preview":"max-video-preview:-1"},"canonical":"https:\/\/mariblum.de\/fr\/produkt\/champ-de-lavande-echarpe-en-lin\/","og_locale":"fr_FR","og_type":"article","og_title":"Champ de Lavande (\u00c9charpe)","og_description":"Ce magnifique \u00e9charpe \"Champ de Lavande\" est en lin 100% bio et ressemble \u00e0 sa grande s\u0153ur \"Pourpre\" tout en n'\u00e9tant pas...","og_url":"https:\/\/mariblum.de\/fr\/produkt\/champ-de-lavande-echarpe-en-lin\/","og_site_name":"mariblum - \u00c9charpe de portage","article_modified_time":"2026-04-19T19:08:07+00:00","og_image":[{"width":534,"height":800,"url":"https:\/\/mariblum.de\/wp-content\/uploads\/2019\/10\/blue-linen-ring-sling-babywearing3-scaled-e1589112264598.jpg","type":"image\/jpeg"}],"twitter_card":"summary_large_image","twitter_misc":{"Disponibilit\u00e9":"En stock"},"schema":{"@context":"https:\/\/schema.org","@graph":[{"@type":"WebPage","@id":"https:\/\/mariblum.de\/fr\/produkt\/champ-de-lavande-echarpe-en-lin\/","url":"https:\/\/mariblum.de\/fr\/produkt\/champ-de-lavande-echarpe-en-lin\/","name":"Champ de Lavande (\u00c9charpe) | mariblum \u2013 porte-b\u00e9b\u00e9","isPartOf":{"@id":"https:\/\/mariblum.de\/fr\/#website"},"primaryImageOfPage":{"@id":"https:\/\/mariblum.de\/fr\/produkt\/champ-de-lavande-echarpe-en-lin\/#primaryimage"},"image":{"@id":"https:\/\/mariblum.de\/fr\/produkt\/champ-de-lavande-echarpe-en-lin\/#primaryimage"},"thumbnailUrl":"https:\/\/mariblum.de\/wp-content\/uploads\/2025\/04\/Lila-Tragetuch_Baby.jpg","datePublished":"2023-04-14T06:45:48+00:00","dateModified":"2026-04-19T19:08:07+00:00","description":"Ce magnifique \u00e9charpe \"Champ de Lavande\" est en lin 100% bio et ressemble \u00e0 sa grande s\u0153ur \"Pourpre\" tout en n'\u00e9tant pas...","breadcrumb":{"@id":"https:\/\/mariblum.de\/fr\/produkt\/champ-de-lavande-echarpe-en-lin\/#breadcrumb"},"inLanguage":"fr-FR","potentialAction":[{"@type":"ReadAction","target":["https:\/\/mariblum.de\/fr\/produkt\/champ-de-lavande-echarpe-en-lin\/"]}]},{"@type":"ImageObject","inLanguage":"fr-FR","@id":"https:\/\/mariblum.de\/fr\/produkt\/champ-de-lavande-echarpe-en-lin\/#primaryimage","url":"https:\/\/mariblum.de\/wp-content\/uploads\/2025\/04\/Lila-Tragetuch_Baby.jpg","contentUrl":"https:\/\/mariblum.de\/wp-content\/uploads\/2025\/04\/Lila-Tragetuch_Baby.jpg","width":600,"height":800},{"@type":"BreadcrumbList","@id":"https:\/\/mariblum.de\/fr\/produkt\/champ-de-lavande-echarpe-en-lin\/#breadcrumb","itemListElement":[{"@type":"ListItem","position":1,"name":"Startseite","item":"https:\/\/mariblum.de\/fr\/"},{"@type":"ListItem","position":2,"name":"Shop","item":"https:\/\/mariblum.de\/fr\/shop\/"},{"@type":"ListItem","position":3,"name":"Champ de Lavande (\u00c9charpe)"}]},{"@type":"WebSite","@id":"https:\/\/mariblum.de\/fr\/#website","url":"https:\/\/mariblum.de\/fr\/","name":"mariblum Traget\u00fccher","description":"la fa\u00e7on naturelle de porter votre b\u00e9b\u00e9","publisher":{"@id":"https:\/\/mariblum.de\/fr\/#organization"},"potentialAction":[{"@type":"SearchAction","target":{"@type":"EntryPoint","urlTemplate":"https:\/\/mariblum.de\/fr\/?s={search_term_string}"},"query-input":{"@type":"PropertyValueSpecification","valueRequired":true,"valueName":"search_term_string"}}],"inLanguage":"fr-FR"},{"@type":"Organization","@id":"https:\/\/mariblum.de\/fr\/#organization","name":"mariblum","url":"https:\/\/mariblum.de\/fr\/","logo":{"@type":"ImageObject","inLanguage":"fr-FR","@id":"https:\/\/mariblum.de\/fr\/#\/schema\/logo\/image\/","url":"https:\/\/mariblum.de\/wp-content\/uploads\/2020\/07\/logo_m-500x_transparent.png","contentUrl":"https:\/\/mariblum.de\/wp-content\/uploads\/2020\/07\/logo_m-500x_transparent.png","width":500,"height":500,"caption":"mariblum"},"image":{"@id":"https:\/\/mariblum.de\/fr\/#\/schema\/logo\/image\/"},"sameAs":["https:\/\/www.instagram.com\/_mariblum_\/"]}]},"og_availability":"instock","product_availability":"instock","product_condition":"new"},"_links":{"self":[{"href":"https:\/\/mariblum.de\/fr\/wp-json\/wp\/v2\/product\/15066","targetHints":{"allow":["GET"]}}],"collection":[{"href":"https:\/\/mariblum.de\/fr\/wp-json\/wp\/v2\/product"}],"about":[{"href":"https:\/\/mariblum.de\/fr\/wp-json\/wp\/v2\/types\/product"}],"wp:featuredmedia":[{"embeddable":true,"href":"https:\/\/mariblum.de\/fr\/wp-json\/wp\/v2\/media\/18952"}],"wp:attachment":[{"href":"https:\/\/mariblum.de\/fr\/wp-json\/wp\/v2\/media?parent=15066"}],"wp:term":[{"taxonomy":"product_brand","embeddable":true,"href":"https:\/\/mariblum.de\/fr\/wp-json\/wp\/v2\/product_brand?post=15066"},{"taxonomy":"product_cat","embeddable":true,"href":"https:\/\/mariblum.de\/fr\/wp-json\/wp\/v2\/product_cat?post=15066"},{"taxonomy":"product_tag","embeddable":true,"href":"https:\/\/mariblum.de\/fr\/wp-json\/wp\/v2\/product_tag?post=15066"}],"curies":[{"name":"wp","href":"https:\/\/api.w.org\/{rel}","templated":true}]}}